{"id":72,"date":"2014-10-02T13:27:07","date_gmt":"2014-10-02T16:27:07","guid":{"rendered":"http:\/\/maisativos.com.br\/loja\/?post_type=product&#038;p=72"},"modified":"2025-09-01T09:33:58","modified_gmt":"2025-09-01T12:33:58","slug":"o-cofre-do-joao","status":"publish","type":"product","link":"https:\/\/maisativos.com.br\/loja\/produtos\/o-cofre-do-joao\/","title":{"rendered":"O cofre do Jo\u00e3o"},"content":{"rendered":"<p>Faz abordagem interessante sobre valores dos bens de cada um. Com muita doc\u0327ura, a autora destaca que algumas coisas te\u0302m valor maior do que seu prec\u0327o. Na visa\u0303o do personagem principal, um menino muito esperto, isso e\u0301 ta\u0303o natural que ate\u0301 os adultos se espantam. O livro objetiva ajudar crianc\u0327as a perceber que nem todo tesouro se compo\u0303e de dinheiro ou ouro e que ha\u0301 valores mais importantes do que os bens materiais.<\/p>\n<p><strong>Autora:<\/strong> Vera Lu\u0301cia Dias, 20 pa\u0301ginas, 21cm x 21cm. Ilustrado por Sami &amp; Bill.<\/p>\n<p><strong>Indicado para:<\/strong> educac\u0327a\u0303o infantil<\/p>\n","protected":false},"excerpt":{"rendered":"<p><strong>O cofre do Jo\u00e3o<\/strong> faz abordagem interessante sobre valores dos bens de cada um. Com muita do\u00e7ura, a autora destaca que algumas coisas t\u00eam valor maior do que seu pre\u00e7o. Na vis\u00e3o do personagem principal, um menino muito esperto, isso \u00e9 t\u00e3o natural que at\u00e9 os adultos se espantam. O livro se prop\u00f5e a ajudar as crian\u00e7as perceberem que nem todo tesouro se comp\u00f5e de dinheiro ou ouro, e que h\u00e1 valores mais importantes do que os bens materiais.<\/p>\n","protected":false},"featured_media":725,"template":"","meta":{"_joinchat":[]},"product_brand":[],"product_cat":[95,68],"product_tag":[21,22,27,23,28],"class_list":{"0":"post-72","1":"product","2":"type-product","3":"status-publish","4":"has-post-thumbnail","6":"product_cat-mais-ativos","7":"product_cat-todos","8":"product_tag-criancas","9":"product_tag-educacao-financeira","10":"product_tag-educacao-infantil","11":"product_tag-ensino-infantil","12":"product_tag-vera-lucia-dias","13":"latest_post","15":"first","16":"instock","17":"shipping-taxable","18":"purchasable","19":"product-type-simple","20":"add-to-wishlist-after_add_to_cart"},"_links":{"self":[{"href":"https:\/\/maisativos.com.br\/loja\/wp-json\/wp\/v2\/product\/72","targetHints":{"allow":["GET"]}}],"collection":[{"href":"https:\/\/maisativos.com.br\/loja\/wp-json\/wp\/v2\/product"}],"about":[{"href":"https:\/\/maisativos.com.br\/loja\/wp-json\/wp\/v2\/types\/product"}],"wp:featuredmedia":[{"embeddable":true,"href":"https:\/\/maisativos.com.br\/loja\/wp-json\/wp\/v2\/media\/725"}],"wp:attachment":[{"href":"https:\/\/maisativos.com.br\/loja\/wp-json\/wp\/v2\/media?parent=72"}],"wp:term":[{"taxonomy":"product_brand","embeddable":true,"href":"https:\/\/maisativos.com.br\/loja\/wp-json\/wp\/v2\/product_brand?post=72"},{"taxonomy":"product_cat","embeddable":true,"href":"https:\/\/maisativos.com.br\/loja\/wp-json\/wp\/v2\/product_cat?post=72"},{"taxonomy":"product_tag","embeddable":true,"href":"https:\/\/maisativos.com.br\/loja\/wp-json\/wp\/v2\/product_tag?post=72"}],"curies":[{"name":"wp","href":"https:\/\/api.w.org\/{rel}","templated":true}]}}